{"id":50,"date":"2020-02-19T23:33:50","date_gmt":"2020-02-19T22:33:50","guid":{"rendered":"http:\/\/www.stcornierenfete.fr\/?page_id=50"},"modified":"2026-02-08T15:00:34","modified_gmt":"2026-02-08T14:00:34","slug":"accueil","status":"publish","type":"page","link":"https:\/\/www.stcornierenfete.fr\/","title":{"rendered":"Accueil"},"content":{"rendered":"\n<p><strong>Bienvenue sur le site web du comit\u00e9 des f\u00eates de St Cornier des Landes.<\/strong><\/p>\n\n\n\n<p><strong>Parce qu&rsquo;\u00e0 St Cornier, c&rsquo;est la f\u00eate ! \ud83d\ude00<\/strong><\/p>\n\n\n\n<p style=\"font-size:11px\"><u>Site mis \u00e0 jour le 08\/02\/2026<\/u><\/p>\n\n\n\n<hr class=\"wp-block-separator has-alpha-channel-opacity is-style-wide\"\/>\n\n\n\n<p><big><u><strong>Puces Moto 2026<\/strong><\/u><\/big><\/p>\n\n\n<div class=\"wp-block-image\">\n<figure class=\"aligncenter size-large is-resized\"><a href=\"https:\/\/www.stcornierenfete.fr\/index.php\/puces-moto\/\"><img loading=\"lazy\" decoding=\"async\" width=\"1024\" height=\"725\" src=\"https:\/\/www.stcornierenfete.fr\/wp-content\/uploads\/2026\/02\/Puces-Moto-2026-1024x725.jpg\" alt=\"\" class=\"wp-image-1807\" style=\"aspect-ratio:1.4123977035975883;width:440px;height:auto\" srcset=\"https:\/\/www.stcornierenfete.fr\/wp-content\/uploads\/2026\/02\/Puces-Moto-2026-1024x725.jpg 1024w, https:\/\/www.stcornierenfete.fr\/wp-content\/uploads\/2026\/02\/Puces-Moto-2026-300x212.jpg 300w, https:\/\/www.stcornierenfete.fr\/wp-content\/uploads\/2026\/02\/Puces-Moto-2026-768x543.jpg 768w, https:\/\/www.stcornierenfete.fr\/wp-content\/uploads\/2026\/02\/Puces-Moto-2026-1536x1087.jpg 1536w, https:\/\/www.stcornierenfete.fr\/wp-content\/uploads\/2026\/02\/Puces-Moto-2026-2048x1449.jpg 2048w\" sizes=\"auto, (max-width: 1024px) 100vw, 1024px\" \/><\/a><\/figure>\n<\/div>\n\n\n<p>Chers exposants, pour vous inscrire, cliquez ci-dessous :<\/p>\n\n\n\n<div class=\"wp-block-buttons is-layout-flex wp-block-buttons-is-layout-flex\">\n<div class=\"wp-block-button\"><a class=\"wp-block-button__link has-text-align-center wp-element-button\" href=\"https:\/\/www.stcornierenfete.fr\/index.php\/2026\/02\/08\/inscription-puces-moto-2026\/\">Inscription des exposants<\/a><\/div>\n<\/div>\n\n\n\n<hr class=\"wp-block-separator has-alpha-channel-opacity is-style-wide\"\/>\n\n\n\n<p><big><u><strong>Sainte Croix 2025<\/strong><\/u><\/big><\/p>\n\n\n\n<p><strong>\u00c9taient au programme l&rsquo;ann\u00e9e derni\u00e8re :<\/strong><\/p>\n\n\n\n<p><u>Samedi 13 septembre 2025 :<\/u><\/p>\n\n\n\n<ul class=\"wp-block-list\">\n<li>10h : <strong>Les olympiades des \u00e9leveurs<\/strong> au stade (course en sac, lancer de petits ballots de paille, \u2026)<\/li>\n\n\n\n<li>13h : Repas champ\u00eatre des \u00e9leveurs au stade (r\u00e9servations au 06.67.06.74.42)<\/li>\n\n\n\n<li>15h : Courses de l&rsquo;\u00e9cole Flers Cyclisme<\/li>\n\n\n\n<li>19h30 : Soir\u00e9e moules-frites \u00e0 la salle des f\u00eates (r\u00e9servation \u00e0 Epi Service au 02.33.14.86.04)<\/li>\n\n\n\n<li><strong>20h30 : Concert gratuit \u00e0 la salle des f\u00eates avec le groupe Parmi-vous<\/strong><\/li>\n<\/ul>\n\n\n\n<p><u>Dimanche 14 septembre 2025 :<\/u><\/p>\n\n\n\n<ul class=\"wp-block-list\">\n<li>7h et toute la journ\u00e9e : <strong>Vide-greniers<\/strong> (emplacement gratuit, r\u00e9servations au 06.89.66.48.06 ou au 06.13.04.51.90) et <strong>petit march\u00e9 de producteurs et d&rsquo;artisans<\/strong><\/li>\n\n\n\n<li>11h30 : D\u00e9p\u00f4t de gerbe de fleurs au monument aux morts suivi d&rsquo;une aubade de l&rsquo;harmonie municipale dans le bourg<\/li>\n<\/ul>\n\n\n\n<hr class=\"wp-block-separator has-css-opacity is-style-wide\"\/>\n\n\n\n<p><strong>Puces Moto, les souvenirs :<\/strong><\/p>\n\n\n\n<p>En attendant le 3 mai prochain, retrouvez toutes les photos et les vid\u00e9os des pr\u00e9c\u00e9dentes \u00e9ditions \u2193<\/p>\n\n\n\n<p>Pour voir les photos de l&rsquo;\u00e9dition 2024, <a href=\"https:\/\/www.stcornierenfete.fr\/index.php\/2024\/05\/16\/photos-puces-moto-2024\/\"><strong>cliquez ici<\/strong><\/a><\/p>\n\n\n\n<p>Pour voir les photos de l&rsquo;\u00e9dition 2023, <a href=\"https:\/\/www.stcornierenfete.fr\/index.php\/2023\/05\/16\/photos-puces-moto-2023\/\"><strong>cliquez ici<\/strong><\/a><\/p>\n\n\n\n<p>Pour voir les photos de l&rsquo;\u00e9dition 2022, <a href=\"https:\/\/www.stcornierenfete.fr\/index.php\/2022\/05\/04\/photos-puces-moto-2022\/\"><strong>cliquez ici<\/strong><\/a><\/p>\n\n\n\n<p>Pour voir les vid\u00e9os de l&rsquo;\u00e9dition 2019, <strong><a href=\"https:\/\/www.stcornierenfete.fr\/index.php\/2020\/03\/20\/videos-puces-moto-2019\/\">cliquez ici<\/a><\/strong><\/p>\n\n\n\n<figure class=\"wp-block-video aligncenter\"><video height=\"1080\" style=\"aspect-ratio: 1920 \/ 1080;\" width=\"1920\" controls src=\"https:\/\/www.stcornierenfete.fr\/wp-content\/uploads\/2020\/03\/DSCN9961.mov\"><\/video><figcaption class=\"wp-element-caption\">Le fameux concours de d\u00e9cibels \ud83d\ude09<\/figcaption><\/figure>\n\n\n\n<hr class=\"wp-block-separator has-css-opacity is-style-wide\"\/>\n\n\n\n<p>Retrouvez \u00e9galement les infos sur la commune gr\u00e2ce \u00e0 la page Facebook \u00ab\u00a0Dans mon village\u00a0\u00bb \u2193<\/p>\n\n\n\n<iframe loading=\"lazy\" src=\"https:\/\/www.facebook.com\/plugins\/page.php?href=https%3A%2F%2Fwww.facebook.com%2Fstcornierenfete&amp;tabs=timeline&amp;width=300&amp;height=500&amp;small_header=false&amp;adapt_container_width=true&amp;hide_cover=false&amp;show_facepile=true&amp;appId\" style=\"border:none;overflow:hidden\" scrolling=\"no\" allowfullscreen=\"true\" allow=\"autoplay; clipboard-write; encrypted-media; picture-in-picture; web-share\" width=\"300\" height=\"500\" frameborder=\"0\"><\/iframe>\n\n\n\n<p><\/p>\n","protected":false},"excerpt":{"rendered":"<p>Bienvenue sur le site web du comit\u00e9 des f\u00eates de St Cornier des Landes. Parce qu&rsquo;\u00e0 St Cornier, c&rsquo;est la f\u00eate ! \ud83d\ude00 Site mis \u00e0 jour le 08\/02\/2026 Puces &#8230;<\/p>\n","protected":false},"author":1,"featured_media":0,"parent":0,"menu_order":0,"comment_status":"closed","ping_status":"closed","template":"","meta":{"footnotes":""},"class_list":["post-50","page","type-page","status-publish","hentry"],"yoast_head":"<!-- This site is optimized with the Yoast SEO plugin v27.5 - https:\/\/yoast.com\/product\/yoast-seo-wordpress\/ -->\n<title>Accueil - St Cornier en F\u00eate !<\/title>\n<meta name=\"description\" content=\"Bienvenue sur le site web du comit\u00e9 des f\u00eates de St Cornier des Landes. Parce qu&#039;\u00e0 St Cornier, c&#039;est la f\u00eate ! :D\" \/>\n<meta name=\"robots\" content=\"index, follow, max-snippet:-1, max-image-preview:large, max-video-preview:-1\" \/>\n<link rel=\"canonical\" href=\"https:\/\/www.stcornierenfete.fr\/\" \/>\n<meta property=\"og:locale\" content=\"fr_FR\" \/>\n<meta property=\"og:type\" content=\"article\" \/>\n<meta property=\"og:title\" content=\"Accueil - St Cornier en F\u00eate !\" \/>\n<meta property=\"og:description\" content=\"Bienvenue sur le site web du comit\u00e9 des f\u00eates de St Cornier des Landes. Parce qu&#039;\u00e0 St Cornier, c&#039;est la f\u00eate ! :D\" \/>\n<meta property=\"og:url\" content=\"https:\/\/www.stcornierenfete.fr\/\" \/>\n<meta property=\"og:site_name\" content=\"St Cornier en F\u00eate !\" \/>\n<meta property=\"article:modified_time\" content=\"2026-02-08T14:00:34+00:00\" \/>\n<meta property=\"og:image\" content=\"https:\/\/www.stcornierenfete.fr\/wp-content\/uploads\/2026\/02\/Puces-Moto-2026-1024x725.jpg\" \/>\n\t<meta property=\"og:image:width\" content=\"1024\" \/>\n\t<meta property=\"og:image:height\" content=\"725\" \/>\n\t<meta property=\"og:image:type\" content=\"image\/jpeg\" \/>\n<meta name=\"twitter:card\" content=\"summary_large_image\" \/>\n<meta name=\"twitter:label1\" content=\"Dur\u00e9e de lecture estim\u00e9e\" \/>\n\t<meta name=\"twitter:data1\" content=\"2 minutes\" \/>\n<script type=\"application\/ld+json\" class=\"yoast-schema-graph\">{\"@context\":\"https:\\\/\\\/schema.org\",\"@graph\":[{\"@type\":\"WebPage\",\"@id\":\"https:\\\/\\\/www.stcornierenfete.fr\\\/\",\"url\":\"https:\\\/\\\/www.stcornierenfete.fr\\\/\",\"name\":\"Accueil - St Cornier en F\u00eate !\",\"isPartOf\":{\"@id\":\"https:\\\/\\\/www.stcornierenfete.fr\\\/#website\"},\"primaryImageOfPage\":{\"@id\":\"https:\\\/\\\/www.stcornierenfete.fr\\\/#primaryimage\"},\"image\":{\"@id\":\"https:\\\/\\\/www.stcornierenfete.fr\\\/#primaryimage\"},\"thumbnailUrl\":\"https:\\\/\\\/www.stcornierenfete.fr\\\/wp-content\\\/uploads\\\/2026\\\/02\\\/Puces-Moto-2026-1024x725.jpg\",\"datePublished\":\"2020-02-19T22:33:50+00:00\",\"dateModified\":\"2026-02-08T14:00:34+00:00\",\"description\":\"Bienvenue sur le site web du comit\u00e9 des f\u00eates de St Cornier des Landes. Parce qu'\u00e0 St Cornier, c'est la f\u00eate ! :D\",\"breadcrumb\":{\"@id\":\"https:\\\/\\\/www.stcornierenfete.fr\\\/#breadcrumb\"},\"inLanguage\":\"fr-FR\",\"potentialAction\":[{\"@type\":\"ReadAction\",\"target\":[\"https:\\\/\\\/www.stcornierenfete.fr\\\/\"]}]},{\"@type\":\"ImageObject\",\"inLanguage\":\"fr-FR\",\"@id\":\"https:\\\/\\\/www.stcornierenfete.fr\\\/#primaryimage\",\"url\":\"https:\\\/\\\/www.stcornierenfete.fr\\\/wp-content\\\/uploads\\\/2026\\\/02\\\/Puces-Moto-2026.jpg\",\"contentUrl\":\"https:\\\/\\\/www.stcornierenfete.fr\\\/wp-content\\\/uploads\\\/2026\\\/02\\\/Puces-Moto-2026.jpg\",\"width\":2480,\"height\":1755},{\"@type\":\"BreadcrumbList\",\"@id\":\"https:\\\/\\\/www.stcornierenfete.fr\\\/#breadcrumb\",\"itemListElement\":[{\"@type\":\"ListItem\",\"position\":1,\"name\":\"Accueil\",\"item\":\"https:\\\/\\\/www.stcornierenfete.fr\\\/\"},{\"@type\":\"ListItem\",\"position\":2,\"name\":\"Accueil\"}]},{\"@type\":\"WebSite\",\"@id\":\"https:\\\/\\\/www.stcornierenfete.fr\\\/#website\",\"url\":\"https:\\\/\\\/www.stcornierenfete.fr\\\/\",\"name\":\"St Cornier en F\u00eate !\",\"description\":\"Comit\u00e9 des f\u00eates de St Cornier des Landes\",\"publisher\":{\"@id\":\"https:\\\/\\\/www.stcornierenfete.fr\\\/#organization\"},\"potentialAction\":[{\"@type\":\"SearchAction\",\"target\":{\"@type\":\"EntryPoint\",\"urlTemplate\":\"https:\\\/\\\/www.stcornierenfete.fr\\\/?s={search_term_string}\"},\"query-input\":{\"@type\":\"PropertyValueSpecification\",\"valueRequired\":true,\"valueName\":\"search_term_string\"}}],\"inLanguage\":\"fr-FR\"},{\"@type\":\"Organization\",\"@id\":\"https:\\\/\\\/www.stcornierenfete.fr\\\/#organization\",\"name\":\"Comit\u00e9 des f\u00eates de St Cornier des Landes\",\"url\":\"https:\\\/\\\/www.stcornierenfete.fr\\\/\",\"logo\":{\"@type\":\"ImageObject\",\"inLanguage\":\"fr-FR\",\"@id\":\"https:\\\/\\\/www.stcornierenfete.fr\\\/#\\\/schema\\\/logo\\\/image\\\/\",\"url\":\"https:\\\/\\\/www.stcornierenfete.fr\\\/wp-content\\\/uploads\\\/2020\\\/02\\\/Logo-Comite-160-x-58.jpg\",\"contentUrl\":\"https:\\\/\\\/www.stcornierenfete.fr\\\/wp-content\\\/uploads\\\/2020\\\/02\\\/Logo-Comite-160-x-58.jpg\",\"width\":160,\"height\":58,\"caption\":\"Comit\u00e9 des f\u00eates de St Cornier des Landes\"},\"image\":{\"@id\":\"https:\\\/\\\/www.stcornierenfete.fr\\\/#\\\/schema\\\/logo\\\/image\\\/\"}}]}<\/script>\n<!-- \/ Yoast SEO plugin. -->","yoast_head_json":{"title":"Accueil - St Cornier en F\u00eate !","description":"Bienvenue sur le site web du comit\u00e9 des f\u00eates de St Cornier des Landes. Parce qu'\u00e0 St Cornier, c'est la f\u00eate ! :D","robots":{"index":"index","follow":"follow","max-snippet":"max-snippet:-1","max-image-preview":"max-image-preview:large","max-video-preview":"max-video-preview:-1"},"canonical":"https:\/\/www.stcornierenfete.fr\/","og_locale":"fr_FR","og_type":"article","og_title":"Accueil - St Cornier en F\u00eate !","og_description":"Bienvenue sur le site web du comit\u00e9 des f\u00eates de St Cornier des Landes. Parce qu'\u00e0 St Cornier, c'est la f\u00eate ! :D","og_url":"https:\/\/www.stcornierenfete.fr\/","og_site_name":"St Cornier en F\u00eate !","article_modified_time":"2026-02-08T14:00:34+00:00","og_image":[{"width":1024,"height":725,"url":"https:\/\/www.stcornierenfete.fr\/wp-content\/uploads\/2026\/02\/Puces-Moto-2026-1024x725.jpg","type":"image\/jpeg"}],"twitter_card":"summary_large_image","twitter_misc":{"Dur\u00e9e de lecture estim\u00e9e":"2 minutes"},"schema":{"@context":"https:\/\/schema.org","@graph":[{"@type":"WebPage","@id":"https:\/\/www.stcornierenfete.fr\/","url":"https:\/\/www.stcornierenfete.fr\/","name":"Accueil - St Cornier en F\u00eate !","isPartOf":{"@id":"https:\/\/www.stcornierenfete.fr\/#website"},"primaryImageOfPage":{"@id":"https:\/\/www.stcornierenfete.fr\/#primaryimage"},"image":{"@id":"https:\/\/www.stcornierenfete.fr\/#primaryimage"},"thumbnailUrl":"https:\/\/www.stcornierenfete.fr\/wp-content\/uploads\/2026\/02\/Puces-Moto-2026-1024x725.jpg","datePublished":"2020-02-19T22:33:50+00:00","dateModified":"2026-02-08T14:00:34+00:00","description":"Bienvenue sur le site web du comit\u00e9 des f\u00eates de St Cornier des Landes. Parce qu'\u00e0 St Cornier, c'est la f\u00eate ! :D","breadcrumb":{"@id":"https:\/\/www.stcornierenfete.fr\/#breadcrumb"},"inLanguage":"fr-FR","potentialAction":[{"@type":"ReadAction","target":["https:\/\/www.stcornierenfete.fr\/"]}]},{"@type":"ImageObject","inLanguage":"fr-FR","@id":"https:\/\/www.stcornierenfete.fr\/#primaryimage","url":"https:\/\/www.stcornierenfete.fr\/wp-content\/uploads\/2026\/02\/Puces-Moto-2026.jpg","contentUrl":"https:\/\/www.stcornierenfete.fr\/wp-content\/uploads\/2026\/02\/Puces-Moto-2026.jpg","width":2480,"height":1755},{"@type":"BreadcrumbList","@id":"https:\/\/www.stcornierenfete.fr\/#breadcrumb","itemListElement":[{"@type":"ListItem","position":1,"name":"Accueil","item":"https:\/\/www.stcornierenfete.fr\/"},{"@type":"ListItem","position":2,"name":"Accueil"}]},{"@type":"WebSite","@id":"https:\/\/www.stcornierenfete.fr\/#website","url":"https:\/\/www.stcornierenfete.fr\/","name":"St Cornier en F\u00eate !","description":"Comit\u00e9 des f\u00eates de St Cornier des Landes","publisher":{"@id":"https:\/\/www.stcornierenfete.fr\/#organization"},"potentialAction":[{"@type":"SearchAction","target":{"@type":"EntryPoint","urlTemplate":"https:\/\/www.stcornierenfete.fr\/?s={search_term_string}"},"query-input":{"@type":"PropertyValueSpecification","valueRequired":true,"valueName":"search_term_string"}}],"inLanguage":"fr-FR"},{"@type":"Organization","@id":"https:\/\/www.stcornierenfete.fr\/#organization","name":"Comit\u00e9 des f\u00eates de St Cornier des Landes","url":"https:\/\/www.stcornierenfete.fr\/","logo":{"@type":"ImageObject","inLanguage":"fr-FR","@id":"https:\/\/www.stcornierenfete.fr\/#\/schema\/logo\/image\/","url":"https:\/\/www.stcornierenfete.fr\/wp-content\/uploads\/2020\/02\/Logo-Comite-160-x-58.jpg","contentUrl":"https:\/\/www.stcornierenfete.fr\/wp-content\/uploads\/2020\/02\/Logo-Comite-160-x-58.jpg","width":160,"height":58,"caption":"Comit\u00e9 des f\u00eates de St Cornier des Landes"},"image":{"@id":"https:\/\/www.stcornierenfete.fr\/#\/schema\/logo\/image\/"}}]}},"_links":{"self":[{"href":"https:\/\/www.stcornierenfete.fr\/index.php\/wp-json\/wp\/v2\/pages\/50","targetHints":{"allow":["GET"]}}],"collection":[{"href":"https:\/\/www.stcornierenfete.fr\/index.php\/wp-json\/wp\/v2\/pages"}],"about":[{"href":"https:\/\/www.stcornierenfete.fr\/index.php\/wp-json\/wp\/v2\/types\/page"}],"author":[{"embeddable":true,"href":"https:\/\/www.stcornierenfete.fr\/index.php\/wp-json\/wp\/v2\/users\/1"}],"replies":[{"embeddable":true,"href":"https:\/\/www.stcornierenfete.fr\/index.php\/wp-json\/wp\/v2\/comments?post=50"}],"version-history":[{"count":187,"href":"https:\/\/www.stcornierenfete.fr\/index.php\/wp-json\/wp\/v2\/pages\/50\/revisions"}],"predecessor-version":[{"id":1823,"href":"https:\/\/www.stcornierenfete.fr\/index.php\/wp-json\/wp\/v2\/pages\/50\/revisions\/1823"}],"wp:attachment":[{"href":"https:\/\/www.stcornierenfete.fr\/index.php\/wp-json\/wp\/v2\/media?parent=50"}],"curies":[{"name":"wp","href":"https:\/\/api.w.org\/{rel}","templated":true}]}}