{"id":83,"date":"2020-02-23T13:47:47","date_gmt":"2020-02-23T12:47:47","guid":{"rendered":"https:\/\/www.stcornierenfete.fr\/?page_id=83"},"modified":"2026-02-08T15:55:13","modified_gmt":"2026-02-08T14:55:13","slug":"agenda","status":"publish","type":"page","link":"https:\/\/www.stcornierenfete.fr\/index.php\/agenda\/","title":{"rendered":"Agenda"},"content":{"rendered":"\n<p><strong><big>Les \u00e9v\u00e8nements de l&rsquo;ann\u00e9e 2026 :<\/big><\/strong><\/p>\n\n\n\n<p><u>Dimanche 3 mai : Les Puces Moto<\/u><\/p>\n\n\n\n<ul class=\"wp-block-list\">\n<li>Pour la page d\u00e9di\u00e9e \u00e0 l\u2019\u00e9v\u00e8nement, <strong><a href=\"https:\/\/www.stcornierenfete.fr\/index.php\/puces-moto\/\">cliquez ici<\/a><\/strong><\/li>\n<\/ul>\n\n\n\n<hr class=\"wp-block-separator has-alpha-channel-opacity is-style-wide\"\/>\n\n\n\n<p><u>Samedi 12 et dimanche 13 septembre : La Sainte Croix<\/u><\/p>\n\n\n\n<ul class=\"wp-block-list\">\n<li>Pour la page d\u00e9di\u00e9e \u00e0 l\u2019\u00e9v\u00e8nement, <a href=\"https:\/\/www.stcornierenfete.fr\/index.php\/sainte-croix\/\"><strong>cliquez ici<\/strong><\/a><\/li>\n<\/ul>\n\n\n\n<hr class=\"wp-block-separator has-alpha-channel-opacity is-style-wide\"\/>\n\n\n\n<p><u>Samedi 28 novembre : L&rsquo;installation des illuminations<\/u><\/p>\n\n\n\n<ul class=\"wp-block-list\">\n<li>Pour la page d\u00e9di\u00e9e aux illuminations, <a href=\"https:\/\/www.stcornierenfete.fr\/index.php\/illuminations\/\"><strong>cliquez ici<\/strong><\/a><\/li>\n<\/ul>\n\n\n\n<hr class=\"wp-block-separator has-alpha-channel-opacity is-style-wide\"\/>\n\n\n\n<p><u>Samedi 5 d\u00e9cembre : La soir\u00e9e des sapins<\/u><\/p>\n\n\n\n<p>Attention, <u><strong>cette soir\u00e9e qui est priv\u00e9e<\/strong><\/u>, est accessible <u><strong>uniquement<\/strong><\/u> aux personnes ayant achet\u00e9es un billet aupr\u00e8s du comit\u00e9 des f\u00eates avant le d\u00e9roulement de la soir\u00e9e. Dans le cas contraire, toute entr\u00e9e est <u><strong>strictement interdite au public.<\/strong><\/u><\/p>\n\n\n\n<ul class=\"wp-block-list\">\n<li>Pour la page d\u00e9di\u00e9e \u00e0 la soir\u00e9e, <strong><a href=\"https:\/\/www.stcornierenfete.fr\/index.php\/soirees-privees\/\">cliquez ici<\/a><\/strong><\/li>\n<\/ul>\n\n\n\n<hr class=\"wp-block-separator has-alpha-channel-opacity is-style-wide\"\/>\n\n\n\n<p><u>Samedi 12 d\u00e9cembre : Le march\u00e9 de No\u00ebl<\/u><\/p>\n\n\n\n<ul class=\"wp-block-list\">\n<li>Pour la page d\u00e9di\u00e9e \u00e0 l&rsquo;\u00e9v\u00e8nement, <strong><a href=\"https:\/\/www.stcornierenfete.fr\/index.php\/marche-de-noel\/\">cliquez ici<\/a><\/strong><\/li>\n<\/ul>\n\n\n\n<hr class=\"wp-block-separator has-alpha-channel-opacity is-style-wide\"\/>\n\n\n\n<p><u>Samedi 30 janvier 2027 : L&rsquo;assembl\u00e9e g\u00e9n\u00e9rale<\/u><\/p>\n\n\n\n<ul class=\"wp-block-list\">\n<li>Pour la page d\u00e9di\u00e9e au comit\u00e9, <strong><a href=\"https:\/\/www.stcornierenfete.fr\/index.php\/le-comite\/\">cliquez ici<\/a><\/strong><\/li>\n<\/ul>\n","protected":false},"excerpt":{"rendered":"<p>Les \u00e9v\u00e8nements de l&rsquo;ann\u00e9e 2026 : Dimanche 3 mai : Les Puces Moto Samedi 12 et dimanche 13 septembre : La Sainte Croix Samedi 28 novembre : L&rsquo;installation des illuminations &#8230;<\/p>\n","protected":false},"author":1,"featured_media":0,"parent":0,"menu_order":0,"comment_status":"closed","ping_status":"closed","template":"","meta":{"footnotes":""},"class_list":["post-83","page","type-page","status-publish","hentry"],"yoast_head":"<!-- This site is optimized with the Yoast SEO plugin v27.5 - https:\/\/yoast.com\/product\/yoast-seo-wordpress\/ -->\n<title>Agenda - St Cornier en F\u00eate !<\/title>\n<meta name=\"description\" content=\"Les \u00e9v\u00e8nements de l&#039;ann\u00e9e \u00e0 St Cornier des Landes.\" \/>\n<meta name=\"robots\" content=\"index, follow, max-snippet:-1, max-image-preview:large, max-video-preview:-1\" \/>\n<link rel=\"canonical\" href=\"https:\/\/www.stcornierenfete.fr\/index.php\/agenda\/\" \/>\n<meta property=\"og:locale\" content=\"fr_FR\" \/>\n<meta property=\"og:type\" content=\"article\" \/>\n<meta property=\"og:title\" content=\"Agenda - St Cornier en F\u00eate !\" \/>\n<meta property=\"og:description\" content=\"Les \u00e9v\u00e8nements de l&#039;ann\u00e9e \u00e0 St Cornier des Landes.\" \/>\n<meta property=\"og:url\" content=\"https:\/\/www.stcornierenfete.fr\/index.php\/agenda\/\" \/>\n<meta property=\"og:site_name\" content=\"St Cornier en F\u00eate !\" \/>\n<meta property=\"article:modified_time\" content=\"2026-02-08T14:55:13+00:00\" \/>\n<meta name=\"twitter:card\" content=\"summary_large_image\" \/>\n<meta name=\"twitter:label1\" content=\"Dur\u00e9e de lecture estim\u00e9e\" \/>\n\t<meta name=\"twitter:data1\" content=\"1 minute\" \/>\n<script type=\"application\/ld+json\" class=\"yoast-schema-graph\">{\"@context\":\"https:\\\/\\\/schema.org\",\"@graph\":[{\"@type\":\"WebPage\",\"@id\":\"https:\\\/\\\/www.stcornierenfete.fr\\\/index.php\\\/agenda\\\/\",\"url\":\"https:\\\/\\\/www.stcornierenfete.fr\\\/index.php\\\/agenda\\\/\",\"name\":\"Agenda - St Cornier en F\u00eate !\",\"isPartOf\":{\"@id\":\"https:\\\/\\\/www.stcornierenfete.fr\\\/#website\"},\"datePublished\":\"2020-02-23T12:47:47+00:00\",\"dateModified\":\"2026-02-08T14:55:13+00:00\",\"description\":\"Les \u00e9v\u00e8nements de l'ann\u00e9e \u00e0 St Cornier des Landes.\",\"breadcrumb\":{\"@id\":\"https:\\\/\\\/www.stcornierenfete.fr\\\/index.php\\\/agenda\\\/#breadcrumb\"},\"inLanguage\":\"fr-FR\",\"potentialAction\":[{\"@type\":\"ReadAction\",\"target\":[\"https:\\\/\\\/www.stcornierenfete.fr\\\/index.php\\\/agenda\\\/\"]}]},{\"@type\":\"BreadcrumbList\",\"@id\":\"https:\\\/\\\/www.stcornierenfete.fr\\\/index.php\\\/agenda\\\/#breadcrumb\",\"itemListElement\":[{\"@type\":\"ListItem\",\"position\":1,\"name\":\"Accueil\",\"item\":\"https:\\\/\\\/www.stcornierenfete.fr\\\/\"},{\"@type\":\"ListItem\",\"position\":2,\"name\":\"Agenda\"}]},{\"@type\":\"WebSite\",\"@id\":\"https:\\\/\\\/www.stcornierenfete.fr\\\/#website\",\"url\":\"https:\\\/\\\/www.stcornierenfete.fr\\\/\",\"name\":\"St Cornier en F\u00eate !\",\"description\":\"Comit\u00e9 des f\u00eates de St Cornier des Landes\",\"publisher\":{\"@id\":\"https:\\\/\\\/www.stcornierenfete.fr\\\/#organization\"},\"potentialAction\":[{\"@type\":\"SearchAction\",\"target\":{\"@type\":\"EntryPoint\",\"urlTemplate\":\"https:\\\/\\\/www.stcornierenfete.fr\\\/?s={search_term_string}\"},\"query-input\":{\"@type\":\"PropertyValueSpecification\",\"valueRequired\":true,\"valueName\":\"search_term_string\"}}],\"inLanguage\":\"fr-FR\"},{\"@type\":\"Organization\",\"@id\":\"https:\\\/\\\/www.stcornierenfete.fr\\\/#organization\",\"name\":\"Comit\u00e9 des f\u00eates de St Cornier des Landes\",\"url\":\"https:\\\/\\\/www.stcornierenfete.fr\\\/\",\"logo\":{\"@type\":\"ImageObject\",\"inLanguage\":\"fr-FR\",\"@id\":\"https:\\\/\\\/www.stcornierenfete.fr\\\/#\\\/schema\\\/logo\\\/image\\\/\",\"url\":\"https:\\\/\\\/www.stcornierenfete.fr\\\/wp-content\\\/uploads\\\/2020\\\/02\\\/Logo-Comite-160-x-58.jpg\",\"contentUrl\":\"https:\\\/\\\/www.stcornierenfete.fr\\\/wp-content\\\/uploads\\\/2020\\\/02\\\/Logo-Comite-160-x-58.jpg\",\"width\":160,\"height\":58,\"caption\":\"Comit\u00e9 des f\u00eates de St Cornier des Landes\"},\"image\":{\"@id\":\"https:\\\/\\\/www.stcornierenfete.fr\\\/#\\\/schema\\\/logo\\\/image\\\/\"}}]}<\/script>\n<!-- \/ Yoast SEO plugin. -->","yoast_head_json":{"title":"Agenda - St Cornier en F\u00eate !","description":"Les \u00e9v\u00e8nements de l'ann\u00e9e \u00e0 St Cornier des Landes.","robots":{"index":"index","follow":"follow","max-snippet":"max-snippet:-1","max-image-preview":"max-image-preview:large","max-video-preview":"max-video-preview:-1"},"canonical":"https:\/\/www.stcornierenfete.fr\/index.php\/agenda\/","og_locale":"fr_FR","og_type":"article","og_title":"Agenda - St Cornier en F\u00eate !","og_description":"Les \u00e9v\u00e8nements de l'ann\u00e9e \u00e0 St Cornier des Landes.","og_url":"https:\/\/www.stcornierenfete.fr\/index.php\/agenda\/","og_site_name":"St Cornier en F\u00eate !","article_modified_time":"2026-02-08T14:55:13+00:00","twitter_card":"summary_large_image","twitter_misc":{"Dur\u00e9e de lecture estim\u00e9e":"1 minute"},"schema":{"@context":"https:\/\/schema.org","@graph":[{"@type":"WebPage","@id":"https:\/\/www.stcornierenfete.fr\/index.php\/agenda\/","url":"https:\/\/www.stcornierenfete.fr\/index.php\/agenda\/","name":"Agenda - St Cornier en F\u00eate !","isPartOf":{"@id":"https:\/\/www.stcornierenfete.fr\/#website"},"datePublished":"2020-02-23T12:47:47+00:00","dateModified":"2026-02-08T14:55:13+00:00","description":"Les \u00e9v\u00e8nements de l'ann\u00e9e \u00e0 St Cornier des Landes.","breadcrumb":{"@id":"https:\/\/www.stcornierenfete.fr\/index.php\/agenda\/#breadcrumb"},"inLanguage":"fr-FR","potentialAction":[{"@type":"ReadAction","target":["https:\/\/www.stcornierenfete.fr\/index.php\/agenda\/"]}]},{"@type":"BreadcrumbList","@id":"https:\/\/www.stcornierenfete.fr\/index.php\/agenda\/#breadcrumb","itemListElement":[{"@type":"ListItem","position":1,"name":"Accueil","item":"https:\/\/www.stcornierenfete.fr\/"},{"@type":"ListItem","position":2,"name":"Agenda"}]},{"@type":"WebSite","@id":"https:\/\/www.stcornierenfete.fr\/#website","url":"https:\/\/www.stcornierenfete.fr\/","name":"St Cornier en F\u00eate !","description":"Comit\u00e9 des f\u00eates de St Cornier des Landes","publisher":{"@id":"https:\/\/www.stcornierenfete.fr\/#organization"},"potentialAction":[{"@type":"SearchAction","target":{"@type":"EntryPoint","urlTemplate":"https:\/\/www.stcornierenfete.fr\/?s={search_term_string}"},"query-input":{"@type":"PropertyValueSpecification","valueRequired":true,"valueName":"search_term_string"}}],"inLanguage":"fr-FR"},{"@type":"Organization","@id":"https:\/\/www.stcornierenfete.fr\/#organization","name":"Comit\u00e9 des f\u00eates de St Cornier des Landes","url":"https:\/\/www.stcornierenfete.fr\/","logo":{"@type":"ImageObject","inLanguage":"fr-FR","@id":"https:\/\/www.stcornierenfete.fr\/#\/schema\/logo\/image\/","url":"https:\/\/www.stcornierenfete.fr\/wp-content\/uploads\/2020\/02\/Logo-Comite-160-x-58.jpg","contentUrl":"https:\/\/www.stcornierenfete.fr\/wp-content\/uploads\/2020\/02\/Logo-Comite-160-x-58.jpg","width":160,"height":58,"caption":"Comit\u00e9 des f\u00eates de St Cornier des Landes"},"image":{"@id":"https:\/\/www.stcornierenfete.fr\/#\/schema\/logo\/image\/"}}]}},"_links":{"self":[{"href":"https:\/\/www.stcornierenfete.fr\/index.php\/wp-json\/wp\/v2\/pages\/83","targetHints":{"allow":["GET"]}}],"collection":[{"href":"https:\/\/www.stcornierenfete.fr\/index.php\/wp-json\/wp\/v2\/pages"}],"about":[{"href":"https:\/\/www.stcornierenfete.fr\/index.php\/wp-json\/wp\/v2\/types\/page"}],"author":[{"embeddable":true,"href":"https:\/\/www.stcornierenfete.fr\/index.php\/wp-json\/wp\/v2\/users\/1"}],"replies":[{"embeddable":true,"href":"https:\/\/www.stcornierenfete.fr\/index.php\/wp-json\/wp\/v2\/comments?post=83"}],"version-history":[{"count":37,"href":"https:\/\/www.stcornierenfete.fr\/index.php\/wp-json\/wp\/v2\/pages\/83\/revisions"}],"predecessor-version":[{"id":1844,"href":"https:\/\/www.stcornierenfete.fr\/index.php\/wp-json\/wp\/v2\/pages\/83\/revisions\/1844"}],"wp:attachment":[{"href":"https:\/\/www.stcornierenfete.fr\/index.php\/wp-json\/wp\/v2\/media?parent=83"}],"curies":[{"name":"wp","href":"https:\/\/api.w.org\/{rel}","templated":true}]}}